{"id":3128,"date":"2025-11-24T09:50:57","date_gmt":"2025-11-24T08:50:57","guid":{"rendered":"https:\/\/dodecaphonia.fr\/?page_id=3128"},"modified":"2026-03-24T16:59:33","modified_gmt":"2026-03-24T15:59:33","slug":"miserere-de-hasse","status":"publish","type":"page","link":"https:\/\/dodecaphonia.fr\/index.php\/espace-reserve-aux-choristes\/documentation\/miserere-de-hasse\/","title":{"rendered":"Miserere de Hasse"},"content":{"rendered":"\n<div class=\"wp-block-group alignwide has-background\" style=\"background-color:#f6ea70\"><div class=\"wp-block-group__inner-container is-layout-constrained wp-block-group-is-layout-constrained\">\n<h2 class=\"wp-block-heading has-text-align-center\">A propos du Miserere de Hasse<\/h2>\n\n\n\n<div class=\"wp-block-group alignwide\"><div class=\"wp-block-group__inner-container is-layout-constrained wp-block-group-is-layout-constrained\">\n<div class=\"wp-block-group alignwide has-background\" style=\"background-color:#f4f7a9\"><div class=\"wp-block-group__inner-container is-layout-constrained wp-block-group-is-layout-constrained\">\n<div class=\"wp-block-group\"><div class=\"wp-block-group__inner-container is-layout-constrained wp-block-group-is-layout-constrained\">\n<div data-wp-interactive=\"core\/file\" class=\"wp-block-file\"><object data-wp-bind--hidden=\"!state.hasPdfPreview\" hidden class=\"wp-block-file__embed\" data=\"https:\/\/dodecaphonia.fr\/wp-content\/uploads\/2023\/02\/Le-Psaume-Miserere-Wikisource.pdf\" type=\"application\/pdf\" style=\"width:100%;height:600px\" aria-label=\"Contenu embarqu\u00e9 Le-Psaume-Miserere-Wikisource.\"><\/object><a id=\"wp-block-file--media-5c59d522-542f-4e0d-a96b-ec5b0e3bf775\" href=\"https:\/\/dodecaphonia.fr\/wp-content\/uploads\/2023\/02\/Le-Psaume-Miserere-Wikisource.pdf\">Le-Psaume-Miserere-Wikisource<\/a><a href=\"https:\/\/dodecaphonia.fr\/wp-content\/uploads\/2023\/02\/Le-Psaume-Miserere-Wikisource.pdf\" class=\"wp-block-file__button wp-element-button\" download aria-describedby=\"wp-block-file--media-5c59d522-542f-4e0d-a96b-ec5b0e3bf775\">T\u00e9l\u00e9charger<\/a><\/div>\n<\/div><\/div>\n\n\n\n<div class=\"wp-block-media-text alignwide is-stacked-on-mobile\" style=\"grid-template-columns:63% auto\"><figure class=\"wp-block-media-text__media\"><img data-recalc-dims=\"1\" loading=\"lazy\" decoding=\"async\" width=\"520\" height=\"377\" data-attachment-id=\"2161\" data-permalink=\"https:\/\/dodecaphonia.fr\/?attachment_id=2161\" data-orig-file=\"https:\/\/i0.wp.com\/dodecaphonia.fr\/wp-content\/uploads\/2023\/02\/520px-Cappella_palluzzi-albertoni_di_giacomo_mola_1622-25_con_beata_ludovica_alberoni_di_bernini_1671-75_e_pala_del_baciccio_s._anna_e_la_vergine_05-1.jpg?fit=520%2C377&amp;ssl=1\" data-orig-size=\"520,377\" data-comments-opened=\"0\" data-image-meta=\"{&quot;aperture&quot;:&quot;0&quot;,&quot;credit&quot;:&quot;&quot;,&quot;camera&quot;:&quot;&quot;,&quot;caption&quot;:&quot;&quot;,&quot;created_timestamp&quot;:&quot;0&quot;,&quot;copyright&quot;:&quot;&quot;,&quot;focal_length&quot;:&quot;0&quot;,&quot;iso&quot;:&quot;0&quot;,&quot;shutter_speed&quot;:&quot;0&quot;,&quot;title&quot;:&quot;&quot;,&quot;orientation&quot;:&quot;0&quot;}\" data-image-title=\"520px-Cappella_palluzzi-albertoni_di_giacomo_mola_1622-25_con_beata_ludovica_alberoni_di_bernini_1671-75_e_pala_del_baciccio_s._anna_e_la_vergine_05-1\" data-image-description=\"\" data-image-caption=\"\" data-large-file=\"https:\/\/i0.wp.com\/dodecaphonia.fr\/wp-content\/uploads\/2023\/02\/520px-Cappella_palluzzi-albertoni_di_giacomo_mola_1622-25_con_beata_ludovica_alberoni_di_bernini_1671-75_e_pala_del_baciccio_s._anna_e_la_vergine_05-1.jpg?fit=520%2C377&amp;ssl=1\" src=\"https:\/\/i0.wp.com\/dodecaphonia.fr\/wp-content\/uploads\/2023\/02\/520px-Cappella_palluzzi-albertoni_di_giacomo_mola_1622-25_con_beata_ludovica_alberoni_di_bernini_1671-75_e_pala_del_baciccio_s._anna_e_la_vergine_05-1.jpg?resize=520%2C377&#038;ssl=1\" alt=\"\" class=\"wp-image-2161 size-full\" srcset=\"https:\/\/i0.wp.com\/dodecaphonia.fr\/wp-content\/uploads\/2023\/02\/520px-Cappella_palluzzi-albertoni_di_giacomo_mola_1622-25_con_beata_ludovica_alberoni_di_bernini_1671-75_e_pala_del_baciccio_s._anna_e_la_vergine_05-1.jpg?w=520&amp;ssl=1 520w, https:\/\/i0.wp.com\/dodecaphonia.fr\/wp-content\/uploads\/2023\/02\/520px-Cappella_palluzzi-albertoni_di_giacomo_mola_1622-25_con_beata_ludovica_alberoni_di_bernini_1671-75_e_pala_del_baciccio_s._anna_e_la_vergine_05-1.jpg?resize=300%2C218&amp;ssl=1 300w\" sizes=\"auto, (max-width: 520px) 100vw, 520px\" \/><\/figure><div class=\"wp-block-media-text__content\">\n<p>L&rsquo;<em><strong>Extase de la bienheureuse Ludovica Albertoni<\/strong><\/em>&nbsp;est une sculpture de&nbsp;<a href=\"https:\/\/fr.wikipedia.org\/wiki\/Le_Bernin\">Gian Lorenzo Bernini<\/a>, dit Le Bernin, r\u00e9alis\u00e9e en&nbsp;<a href=\"https:\/\/fr.wikipedia.org\/wiki\/1674\">1674<\/a>, conserv\u00e9e dans l&rsquo;<a href=\"https:\/\/fr.wikipedia.org\/wiki\/%C3%89glise_San_Francesco_a_Ripa\">\u00e9glise San Francesco a Ripa<\/a>, \u00e0&nbsp;<a href=\"https:\/\/fr.wikipedia.org\/wiki\/Rome\">Rome<\/a>.<\/p>\n<\/div><\/div>\n<\/div><\/div>\n<\/div><\/div>\n<\/div><\/div>\n","protected":false},"excerpt":{"rendered":"<p>A propos du Miserere de Hasse L&rsquo;Extase de la bienheureuse Ludovica Albertoni&nbsp;est une sculpture de&nbsp;Gian Lorenzo Bernini, dit Le Bernin, r\u00e9alis\u00e9e en&nbsp;1674, conserv\u00e9e dans l&rsquo;\u00e9glise San Francesco a Ripa, \u00e0&nbsp;Rome.<\/p>\n","protected":false},"author":2,"featured_media":0,"parent":3139,"menu_order":0,"comment_status":"closed","ping_status":"closed","template":"","meta":{"jetpack_post_was_ever_published":false,"footnotes":""},"class_list":["post-3128","page","type-page","status-publish","hentry"],"jetpack_sharing_enabled":true,"jetpack_shortlink":"https:\/\/wp.me\/P9p1x4-Os","jetpack_likes_enabled":false,"jetpack-related-posts":[{"id":453,"url":"https:\/\/dodecaphonia.fr\/index.php\/politique-de-confidentialite\/","url_meta":{"origin":3128,"position":0},"title":"Politique de confidentialit\u00e9 et mentions l\u00e9gales","author":"Pierre Brun","date":"18 novembre 2025","format":false,"excerpt":"Qui sommes-nous\u00a0? Nous sommes le Ch\u0153ur Mixte de Dardilly (Dodecaphonia), association loi de 1901 dont le si\u00e8ge social est sis 1 place Bay\u00e8re \u00e0 Dardilly (69570). Num\u00e9ro immatriculation SIRET\u00a0:522 942 085 00013 Code APE (ou code NAF) 9001\/Z L\u2019adresse de notre site Web est : https:\/\/dodecaphonia.fr Christophe Elyn, Pr\u00e9sident de\u2026","rel":"","context":"Article similaire","block_context":{"text":"Article similaire","link":""},"img":{"alt_text":"","src":"","width":0,"height":0},"classes":[]},{"id":3280,"url":"https:\/\/dodecaphonia.fr\/index.php\/rejoindre-le-choeur\/","url_meta":{"origin":3128,"position":1},"title":"Rejoindre le ch\u0153ur","author":"Pierre Brun","date":"27 mars 2026","format":false,"excerpt":"Notre ch\u0153ur accueille en son sein toute personne motiv\u00e9e et d\u00e9sireuse de s\u2019investir dans le chant. La cotisation annuelle est de 160 euros (260 euros pour un couple) Les r\u00e9p\u00e9titions hebdomadaires ont lieu de 20 heures \u00e0 22 heures 30, le jeudi sous la direction de Vincent de Meester.Elles d\u00e9butent\u2026","rel":"","context":"Article similaire","block_context":{"text":"Article similaire","link":""},"img":{"alt_text":"","src":"","width":0,"height":0},"classes":[]},{"id":116,"url":"https:\/\/dodecaphonia.fr\/index.php\/le-repertoire\/","url_meta":{"origin":3128,"position":2},"title":"Le r\u00e9pertoire","author":"Pierre Brun","date":"25 juin 2017","format":false,"excerpt":"Vous trouverez ci-dessous l'historique de nos programmes et les affiches de nos concerts pass\u00e9s Nos concerts Mars 2026 - Concert Tzigane Le ch\u0153ur Dodecaphonia vous invite \u00e0 un apr\u00e8s-midi tzigane, autour d\u2019un programme inspir\u00e9 des traditions populaires.Le concert r\u00e9unit des \u0153uvres de Brahms, Jan\u00e1\u010dek et Schumann, dans des pages pour\u2026","rel":"","context":"Article similaire","block_context":{"text":"Article similaire","link":""},"img":{"alt_text":"","src":"https:\/\/i0.wp.com\/dodecaphonia.fr\/wp-content\/uploads\/2025\/03\/image.png?resize=350%2C200&ssl=1","width":350,"height":200,"srcset":"https:\/\/i0.wp.com\/dodecaphonia.fr\/wp-content\/uploads\/2025\/03\/image.png?resize=350%2C200&ssl=1 1x, https:\/\/i0.wp.com\/dodecaphonia.fr\/wp-content\/uploads\/2025\/03\/image.png?resize=525%2C300&ssl=1 1.5x, https:\/\/i0.wp.com\/dodecaphonia.fr\/wp-content\/uploads\/2025\/03\/image.png?resize=700%2C400&ssl=1 2x"},"classes":[]},{"id":3230,"url":"https:\/\/dodecaphonia.fr\/index.php\/qui-sommes-nous\/","url_meta":{"origin":3128,"position":3},"title":"Qui sommes nous ?","author":"Pierre Brun","date":"24 mars 2026","format":false,"excerpt":"Le Ch\u0153ur Mixte de Dardilly ou Ensemble Dodecaphonia est un ch\u0153ur reconnu, cr\u00e9\u00e9 par Henri Marchand qui l'a dirig\u00e9 pendant de nombreuses ann\u00e9es. Nous sommes sp\u00e9cialis\u00e9s dans la musique ancienne et\u00a0baroque, domaine de pr\u00e9dilection de notre ch\u0153ur, avec quelques incursions plus contemporaines. Notre ch\u0153ur accueille en son sein toute personne\u2026","rel":"","context":"Article similaire","block_context":{"text":"Article similaire","link":""},"img":{"alt_text":"","src":"https:\/\/i0.wp.com\/dodecaphonia.fr\/wp-content\/uploads\/2020\/09\/Vincent-de-Meester.jpg?resize=350%2C200&ssl=1","width":350,"height":200,"srcset":"https:\/\/i0.wp.com\/dodecaphonia.fr\/wp-content\/uploads\/2020\/09\/Vincent-de-Meester.jpg?resize=350%2C200&ssl=1 1x, https:\/\/i0.wp.com\/dodecaphonia.fr\/wp-content\/uploads\/2020\/09\/Vincent-de-Meester.jpg?resize=525%2C300&ssl=1 1.5x, https:\/\/i0.wp.com\/dodecaphonia.fr\/wp-content\/uploads\/2020\/09\/Vincent-de-Meester.jpg?resize=700%2C400&ssl=1 2x"},"classes":[]},{"id":133,"url":"https:\/\/dodecaphonia.fr\/","url_meta":{"origin":3128,"position":4},"title":"Ensemble Dodecaphonia","author":"Pierre Brun","date":"25 juin 2017","format":false,"excerpt":"L\u2019ensemble Dodecaphonia est compos\u00e9 de choristes amateurs plac\u00e9s sous la direction de Vincent de Meester depuis janvier 2020. Notre r\u00e9pertoire est principalement baroque (Bach, Haendel, Purcell, Vivaldi, Charpentier, Sch\u00fctzt\u2026), mais nous n\u2019h\u00e9sitons pas faire quelques incursions plus contemporaines (Henri Marchand, Karl Jenkins, Martin Palmeri).Notre programme pour cette nouvelle saison 2025-2026\u2026","rel":"","context":"Article similaire","block_context":{"text":"Article similaire","link":""},"img":{"alt_text":"","src":"https:\/\/i0.wp.com\/dodecaphonia.fr\/wp-content\/uploads\/2026\/01\/HeTzigane.jpg?resize=350%2C200&ssl=1","width":350,"height":200,"srcset":"https:\/\/i0.wp.com\/dodecaphonia.fr\/wp-content\/uploads\/2026\/01\/HeTzigane.jpg?resize=350%2C200&ssl=1 1x, https:\/\/i0.wp.com\/dodecaphonia.fr\/wp-content\/uploads\/2026\/01\/HeTzigane.jpg?resize=525%2C300&ssl=1 1.5x, https:\/\/i0.wp.com\/dodecaphonia.fr\/wp-content\/uploads\/2026\/01\/HeTzigane.jpg?resize=700%2C400&ssl=1 2x, https:\/\/i0.wp.com\/dodecaphonia.fr\/wp-content\/uploads\/2026\/01\/HeTzigane.jpg?resize=1050%2C600&ssl=1 3x"},"classes":[]},{"id":3122,"url":"https:\/\/dodecaphonia.fr\/index.php\/espace-reserve-aux-choristes\/documentation\/concert-charpentier-2025\/","url_meta":{"origin":3128,"position":5},"title":"Concert Charpentier 2025","author":"Pierre Brun","date":"24 novembre 2025","format":false,"excerpt":"Traductions Charpentier Traductions concert 2025T\u00e9l\u00e9charger Le programme du Malade Imaginaire ...avant la censure de Lully Partitions Carissimi et Brossard Jephte - PlorateT\u00e9l\u00e9charger Domine salvum fac regemT\u00e9l\u00e9charger Pourquoi prononcer le latin \u00e0 la fran\u00e7aise ? La r\u00e9ponse la plus simple que l\u2019on puisse donner est que le latin \u00e9tait prononc\u00e9 ainsi\u2026","rel":"","context":"Article similaire","block_context":{"text":"Article similaire","link":""},"img":{"alt_text":"","src":"https:\/\/i0.wp.com\/dodecaphonia.fr\/wp-content\/uploads\/2024\/10\/Gravure-charpentier-scaled.jpg?resize=350%2C200&ssl=1","width":350,"height":200,"srcset":"https:\/\/i0.wp.com\/dodecaphonia.fr\/wp-content\/uploads\/2024\/10\/Gravure-charpentier-scaled.jpg?resize=350%2C200&ssl=1 1x, https:\/\/i0.wp.com\/dodecaphonia.fr\/wp-content\/uploads\/2024\/10\/Gravure-charpentier-scaled.jpg?resize=525%2C300&ssl=1 1.5x, https:\/\/i0.wp.com\/dodecaphonia.fr\/wp-content\/uploads\/2024\/10\/Gravure-charpentier-scaled.jpg?resize=700%2C400&ssl=1 2x, https:\/\/i0.wp.com\/dodecaphonia.fr\/wp-content\/uploads\/2024\/10\/Gravure-charpentier-scaled.jpg?resize=1050%2C600&ssl=1 3x, https:\/\/i0.wp.com\/dodecaphonia.fr\/wp-content\/uploads\/2024\/10\/Gravure-charpentier-scaled.jpg?resize=1400%2C800&ssl=1 4x"},"classes":[]}],"post_mailing_queue_ids":[],"_links":{"self":[{"href":"https:\/\/dodecaphonia.fr\/index.php\/wp-json\/wp\/v2\/pages\/3128","targetHints":{"allow":["GET"]}}],"collection":[{"href":"https:\/\/dodecaphonia.fr\/index.php\/wp-json\/wp\/v2\/pages"}],"about":[{"href":"https:\/\/dodecaphonia.fr\/index.php\/wp-json\/wp\/v2\/types\/page"}],"author":[{"embeddable":true,"href":"https:\/\/dodecaphonia.fr\/index.php\/wp-json\/wp\/v2\/users\/2"}],"replies":[{"embeddable":true,"href":"https:\/\/dodecaphonia.fr\/index.php\/wp-json\/wp\/v2\/comments?post=3128"}],"version-history":[{"count":1,"href":"https:\/\/dodecaphonia.fr\/index.php\/wp-json\/wp\/v2\/pages\/3128\/revisions"}],"predecessor-version":[{"id":3129,"href":"https:\/\/dodecaphonia.fr\/index.php\/wp-json\/wp\/v2\/pages\/3128\/revisions\/3129"}],"up":[{"embeddable":true,"href":"https:\/\/dodecaphonia.fr\/index.php\/wp-json\/wp\/v2\/pages\/3139"}],"wp:attachment":[{"href":"https:\/\/dodecaphonia.fr\/index.php\/wp-json\/wp\/v2\/media?parent=3128"}],"curies":[{"name":"wp","href":"https:\/\/api.w.org\/{rel}","templated":true}]}}